{"id":2817,"date":"2023-06-16T15:38:20","date_gmt":"2023-06-16T13:38:20","guid":{"rendered":"https:\/\/www.campingelpino.com\/playa\/"},"modified":"2023-06-23T13:38:57","modified_gmt":"2023-06-23T11:38:57","slug":"stranden","status":"publish","type":"page","link":"https:\/\/www.campingelpino.com\/nl\/stranden\/","title":{"rendered":"Stranden"},"content":{"rendered":"<section class=\"l-section wpb_row us_custom_069681cb header has_text_color height_large\"><div class=\"l-section-h i-cf\"><div class=\"g-cols vc_row via_flex valign_bottom type_default stacking_default\"><div class=\"vc_col-sm-12 wpb_column vc_column_container\"><div class=\"vc_column-inner\"><div class=\"wpb_wrapper\">[vc_custom_heading text=&#8221;Playas cerca de nuestro camping&#8221; font_container=&#8221;tag:h1|text_align:left&#8221; use_theme_fonts=&#8221;yes&#8221;]<\/div><\/div><\/div><\/div><\/div><\/section><section class=\"l-section wpb_row height_large\"><div class=\"l-section-h i-cf\"><div class=\"g-cols vc_row via_flex valign_top type_default stacking_default\"><div class=\"vc_col-sm-6 wpb_column vc_column_container\"><div class=\"vc_column-inner\"><div class=\"wpb_wrapper\">[vc_custom_heading text=&#8221;Playa Ferrara&#8221; use_theme_fonts=&#8221;yes&#8221;]<div class=\"w-image us_custom_7c1b4fa3 has_ratio align_none\"><div class=\"w-image-h\"><div style=\"padding-bottom:42.8571%\"><\/div><img decoding=\"async\" width=\"1200\" height=\"675\" src=\"https:\/\/www.campingelpino.com\/wp-content\/uploads\/2023\/06\/playa1.jpg\" class=\"attachment-full size-full\" alt=\"\" loading=\"lazy\" \/><\/div><\/div><div class=\"wpb_text_column list-icon\"><div class=\"wpb_wrapper\"><p>Playa muy extensa y bien equipada, con ambiente familiar. Una de las playas m\u00e1s concurridas de Torrox, ya que se ubica en la parte mas tur\u00edstica. Recomendamos ir a la altura entre Hotel Iberostar \u2013 Urbanizaci\u00f3n Laguna Beach, ya que es donde mas profundidad de arena hay. Muchos chiringuitos a lo largo del paseo mar\u00edtimo.<\/p>\n<\/div><\/div><div class=\"w-tabs style_default switch_click accordion type_togglable has_scrolling\" style=\"--sections-title-size:inherit\"><div class=\"w-tabs-sections titles-align_none icon_plus cpos_right\"><div class=\"w-tabs-section\" id=\"kaa3\"><button class=\"w-tabs-section-header\" aria-controls=\"content-kaa3\" aria-expanded=\"false\"><div class=\"w-tabs-section-title\">Informaci\u00f3n<\/div><div class=\"w-tabs-section-control\"><\/div><\/button><div  class=\"w-tabs-section-content\" id=\"content-kaa3\"><div class=\"w-tabs-section-content-h i-cf\"><div class=\"wpb_text_column list-icon\"><div class=\"wpb_wrapper\"><p>Peri\u00f3dicamente, Protecci\u00f3n Civil pasa por la playa. Tel\u00e9fono de contacto: 95 253 04 73.<\/p>\n<ul>\n<li>Puerto deportivo: La Caleta de V\u00e9lez \/ Distancia: 14 Km.<\/li>\n<li>C\u00f3mo se llega: Con coche<\/li>\n<li>C\u00f3mo llegar por carretera: N-340<\/li>\n<li>L\u00ednea de autob\u00fas: Urbano<\/li>\n<li>Aparcamiento &#8211; parking: S\u00ed \/ No vigilado N\u00ba plazas &gt;200<\/li>\n<li>Longitud: 1.200 metros<\/li>\n<li>Anchura media: 30 metros<\/li>\n<li>Grado de ocupaci\u00f3n: Alto<\/li>\n<li>Grado de urbanizaci\u00f3n: Urbana<\/li>\n<li>Tipo de playa: Arena<\/li>\n<li>Tipo de arena: Oscura<\/li>\n<li>Condiciones para el ba\u00f1o: Oleaje moderado<\/li>\n<li>Zona protegida: No<\/li>\n<li>Policia local: Si (95 253 98 28)<\/li>\n<li>Cruz roja: Si (95 253 00 13)<\/li>\n<\/ul>\n<\/div><\/div><\/div><\/div><\/div><\/div><\/div><\/div><\/div><\/div><div class=\"vc_col-sm-6 wpb_column vc_column_container\"><div class=\"vc_column-inner\"><div class=\"wpb_wrapper\">[vc_custom_heading text=&#8221;Playa El Cenicero (Las Lindes)&#8221; use_theme_fonts=&#8221;yes&#8221;]<div class=\"w-image us_custom_7c1b4fa3 has_ratio align_none\"><div class=\"w-image-h\"><div style=\"padding-bottom:42.8571%\"><\/div><img decoding=\"async\" width=\"1200\" height=\"675\" src=\"https:\/\/www.campingelpino.com\/wp-content\/uploads\/2023\/06\/playa2.jpg\" class=\"attachment-full size-full\" alt=\"\" loading=\"lazy\" \/><\/div><\/div><div class=\"wpb_text_column list-icon\"><div class=\"wpb_wrapper\"><p>Playa situada en la zona del Morche, que ofrece numerosos servicios. Playa con mucha profundidad de arena en casi toda su extensi\u00f3n. Chiringuitos en la zona este de la playa, en la zona de la gasolinera de Repsol.<\/p>\n<\/div><\/div><div class=\"w-tabs style_default switch_click accordion type_togglable has_scrolling\" style=\"--sections-title-size:inherit\"><div class=\"w-tabs-sections titles-align_none icon_plus cpos_right\"><div class=\"w-tabs-section\" id=\"n0a1\"><button class=\"w-tabs-section-header\" aria-controls=\"content-n0a1\" aria-expanded=\"false\"><div class=\"w-tabs-section-title\">Informaci\u00f3n<\/div><div class=\"w-tabs-section-control\"><\/div><\/button><div  class=\"w-tabs-section-content\" id=\"content-n0a1\"><div class=\"w-tabs-section-content-h i-cf\"><div class=\"wpb_text_column list-icon\"><div class=\"wpb_wrapper\"><ul>\n<li>Puerto deportivo: La Caleta de V\u00e9lez \/ Distancia: 13 Km.<\/li>\n<li>C\u00f3mo se llega: Con coche<\/li>\n<li>C\u00f3mo llegar por carretera: N-340<\/li>\n<li>L\u00ednea de autob\u00fas: Urbano<\/li>\n<li>Aparcamiento &#8211; parking: S\u00ed \/ No vigilado N\u00ba plazas &gt;100<\/li>\n<li>Longitud: 1.200 metros<\/li>\n<li>Anchura media: 40 metros<\/li>\n<li>Grado de ocupaci\u00f3n: Medio<\/li>\n<li>Grado de urbanizaci\u00f3n: Urbana<\/li>\n<li>Tipo de playa: Arena<\/li>\n<li>Tipo de arena: Oscura<\/li>\n<li>Condiciones para el ba\u00f1o: Oleaje moderado<\/li>\n<li>Zona protegida: No<\/li>\n<li>Policia local: Si (95 253 98 28)<\/li>\n<li>Cruz roja: Si (95 253 00 13)<\/li>\n<\/ul>\n<\/div><\/div><\/div><\/div><\/div><\/div><\/div><\/div><\/div><\/div><\/div><\/div><\/section><section class=\"l-section wpb_row us_custom_df019a38 prices height_large\"><div class=\"l-section-overlay\" style=\"background:rgba(255,111,89,0.20)\"><\/div><div class=\"l-section-h i-cf\"><div class=\"g-cols vc_row via_flex valign_top type_default stacking_default\"><div class=\"vc_col-sm-6 wpb_column vc_column_container\"><div class=\"vc_column-inner\"><div class=\"wpb_wrapper\">[vc_custom_heading text=&#8221;Playa El Pe\u00f1oncillo&#8221; use_theme_fonts=&#8221;yes&#8221;]<div class=\"w-image us_custom_7c1b4fa3 has_ratio align_none\"><div class=\"w-image-h\"><div style=\"padding-bottom:42.8571%\"><\/div><img decoding=\"async\" width=\"1200\" height=\"675\" src=\"https:\/\/www.campingelpino.com\/wp-content\/uploads\/2023\/06\/playa3.jpg\" class=\"attachment-full size-full\" alt=\"camping playa\" loading=\"lazy\" \/><\/div><\/div><div class=\"wpb_text_column list-icon\"><div class=\"wpb_wrapper\"><p>Playa extensa y poco urbanizada, muy pr\u00f3xima a la carretera N-340. Tiene algunos servicios. Forma una unidad con la playa de Mazagarrobo.<\/p>\n<p>La mas cercana a el Camping, con buena profundidad de arena en casi toda su extensi\u00f3n, excepto en el lateral Este, en donde dependiendo de las corrientes puede que se encuentre con escasez de arena, sin embargo, cuando la hay, es una buena zona para buceo y muy bonita por sus rocas. Muchos chiringuitos en la misma playa.<\/p>\n<\/div><\/div><div class=\"w-tabs style_default switch_click accordion type_togglable has_scrolling\" style=\"--sections-title-size:inherit\"><div class=\"w-tabs-sections titles-align_none icon_plus cpos_right\"><div class=\"w-tabs-section\" id=\"ta94\"><button class=\"w-tabs-section-header\" aria-controls=\"content-ta94\" aria-expanded=\"false\"><div class=\"w-tabs-section-title\">Informaci\u00f3n<\/div><div class=\"w-tabs-section-control\"><\/div><\/button><div  class=\"w-tabs-section-content\" id=\"content-ta94\"><div class=\"w-tabs-section-content-h i-cf\"><div class=\"wpb_text_column list-icon\"><div class=\"wpb_wrapper\"><ul>\n<li>Puerto deportivo: La Caleta de V\u00e9lez \/ Distancia: 17 Km.<\/li>\n<li>C\u00f3mo se llega: Con coche<\/li>\n<li>C\u00f3mo llegar por carretera: N-340<\/li>\n<li>L\u00ednea de autob\u00fas: Urbano<\/li>\n<li>Aparcamiento &#8211; parking: S\u00ed \/ No vigilado N\u00ba plazas 100-200<\/li>\n<li>Longitud: 1.400 metros<\/li>\n<li>Anchura media: 30 metros<\/li>\n<li>Grado de ocupaci\u00f3n: Medio<\/li>\n<li>Grado de urbanizaci\u00f3n: Semiurbana<\/li>\n<li>Tipo de playa: Arena<\/li>\n<li>Tipo de arena: Oscura<\/li>\n<li>Condiciones para el ba\u00f1o: Oleaje moderado<\/li>\n<li>Zona protegida: No<\/li>\n<li>Policia local: No<\/li>\n<li>Cruz roja: Si (95 253 00 13)<\/li>\n<\/ul>\n<\/div><\/div><\/div><\/div><\/div><\/div><\/div><\/div><\/div><\/div><div class=\"vc_col-sm-6 wpb_column vc_column_container\"><div class=\"vc_column-inner\"><div class=\"wpb_wrapper\">[vc_custom_heading text=&#8221;Playa El Morche&#8221; use_theme_fonts=&#8221;yes&#8221;]<div class=\"w-image us_custom_7c1b4fa3 has_ratio align_none\"><div class=\"w-image-h\"><div style=\"padding-bottom:42.8571%\"><\/div><img decoding=\"async\" width=\"1200\" height=\"675\" src=\"https:\/\/www.campingelpino.com\/wp-content\/uploads\/2023\/06\/playa4.jpg\" class=\"attachment-full size-full\" alt=\"\" loading=\"lazy\" \/><\/div><\/div><div class=\"wpb_text_column list-icon\"><div class=\"wpb_wrapper\"><p>Playa urbanizada con buenos equipamientos, es junto a la playa de Ferrara una de las m\u00e1s concurridas de Torrox. Cuenta con paseo mar\u00edtimo.<\/p>\n<\/div><\/div><div class=\"w-tabs style_default switch_click accordion type_togglable has_scrolling\" style=\"--sections-title-size:inherit\"><div class=\"w-tabs-sections titles-align_none icon_plus cpos_right\"><div class=\"w-tabs-section\" id=\"bdaa\"><button class=\"w-tabs-section-header\" aria-controls=\"content-bdaa\" aria-expanded=\"false\"><div class=\"w-tabs-section-title\">Informaci\u00f3n<\/div><div class=\"w-tabs-section-control\"><\/div><\/button><div  class=\"w-tabs-section-content\" id=\"content-bdaa\"><div class=\"w-tabs-section-content-h i-cf\"><div class=\"wpb_text_column list-icon\"><div class=\"wpb_wrapper\"><p>Peri\u00f3dicamente, Protecci\u00f3n Civil pasa por la playa. Tel\u00e9fono de contacto: 95 253 04 73.<\/p>\n<ul>\n<li>Puerto deportivo: La Caleta de V\u00e9lez \/ Distancia: 12 Km.<\/li>\n<li>C\u00f3mo se llega: Con coche<\/li>\n<li>C\u00f3mo llegar por carretera: N-340<\/li>\n<li>L\u00ednea de autob\u00fas: Urbano<\/li>\n<li>Aparcamiento &#8211; parking: S\u00ed \/ No vigilado N\u00ba plazas &gt;100<\/li>\n<li>Longitud: 1.200 metros<\/li>\n<li>Anchura media: 30 metros<\/li>\n<li>Grado de ocupaci\u00f3n: Alto<\/li>\n<li>Grado de urbanizaci\u00f3n: Urbana<\/li>\n<li>Tipo de playa: Arena<\/li>\n<li>Tipo de arena: Oscura<\/li>\n<li>Condiciones para el ba\u00f1o: Oleaje moderado<\/li>\n<li>Zona protegida: No<\/li>\n<li>Policia local: Si (95 253 98 28)<\/li>\n<li>Cruz roja: Si (95 253 00 13)<\/li>\n<\/ul>\n<\/div><\/div><\/div><\/div><\/div><\/div><\/div><\/div><\/div><\/div><\/div><\/div><\/section><section class=\"l-section wpb_row height_large\"><div class=\"l-section-h i-cf\"><div class=\"g-cols vc_row via_flex valign_top type_default stacking_default\"><div class=\"vc_col-sm-6 wpb_column vc_column_container\"><div class=\"vc_column-inner\"><div class=\"wpb_wrapper\">[vc_custom_heading text=&#8221;Playa Mazagarrobo&#8221; use_theme_fonts=&#8221;yes&#8221;]<div class=\"w-image us_custom_7c1b4fa3 has_ratio align_none\"><div class=\"w-image-h\"><div style=\"padding-bottom:42.8571%\"><\/div><img decoding=\"async\" width=\"1200\" height=\"675\" src=\"https:\/\/www.campingelpino.com\/wp-content\/uploads\/2023\/06\/playa5.jpg\" class=\"attachment-full size-full\" alt=\"\" loading=\"lazy\" \/><\/div><\/div><div class=\"wpb_text_column list-icon\"><div class=\"wpb_wrapper\"><p>Playa estrecha junto a la carretera N-340, con baja afluencia de p\u00fablico y pocos equipamientos y servicios. Forma una unidad con la playa del Pe\u00f1oncillo.<\/p>\n<\/div><\/div><div class=\"w-tabs style_default switch_click accordion type_togglable has_scrolling\" style=\"--sections-title-size:inherit\"><div class=\"w-tabs-sections titles-align_none icon_plus cpos_right\"><div class=\"w-tabs-section\" id=\"y548\"><button class=\"w-tabs-section-header\" aria-controls=\"content-y548\" aria-expanded=\"false\"><div class=\"w-tabs-section-title\">Informaci\u00f3n<\/div><div class=\"w-tabs-section-control\"><\/div><\/button><div  class=\"w-tabs-section-content\" id=\"content-y548\"><div class=\"w-tabs-section-content-h i-cf\"><div class=\"wpb_text_column list-icon\"><div class=\"wpb_wrapper\"><ul>\n<li>Puerto deportivo: La Caleta de V\u00e9lez \/ Distancia: 18 Km.<\/li>\n<li>C\u00f3mo se llega: Con coche<\/li>\n<li>C\u00f3mo llegar por carretera: N-340<\/li>\n<li>L\u00ednea de autob\u00fas: Interurbano (M\u00e1laga-Nerja) a 25 m.<\/li>\n<li>Aparcamiento &#8211; parking: S\u00ed \/ No vigilado N\u00ba plazas &lt;50<\/li>\n<li>Longitud: 100-200 metros<\/li>\n<li>Anchura media: 20 metros<\/li>\n<li>Grado de ocupaci\u00f3n: Bajo<\/li>\n<li>Grado de urbanizaci\u00f3n: Aislada<\/li>\n<li>Tipo de playa: Arena<\/li>\n<li>Tipo de arena: Oscura<\/li>\n<li>Condiciones para el ba\u00f1o: Oleaje moderado<\/li>\n<li>Zona protegida: No<\/li>\n<li>Policia local: No<\/li>\n<li>Cruz roja: No<\/li>\n<\/ul>\n<\/div><\/div><\/div><\/div><\/div><\/div><\/div><\/div><\/div><\/div><div class=\"vc_col-sm-6 wpb_column vc_column_container\"><div class=\"vc_column-inner\"><div class=\"wpb_wrapper\">[vc_custom_heading text=&#8221;Playa Calaceite&#8221; use_theme_fonts=&#8221;yes&#8221;]<div class=\"w-image us_custom_7c1b4fa3 has_ratio align_none\"><div class=\"w-image-h\"><div style=\"padding-bottom:42.8571%\"><\/div><img decoding=\"async\" width=\"1200\" height=\"675\" src=\"https:\/\/www.campingelpino.com\/wp-content\/uploads\/2023\/06\/playa6.jpg\" class=\"attachment-full size-full\" alt=\"\" loading=\"lazy\" \/><\/div><\/div><div class=\"wpb_text_column list-icon\"><div class=\"wpb_wrapper\"><p>Playa peque\u00f1a situada junto a la carretera N-340. No cuenta apenas con ning\u00fan equipamiento.<\/p>\n<\/div><\/div><div class=\"w-tabs style_default switch_click accordion type_togglable has_scrolling\" style=\"--sections-title-size:inherit\"><div class=\"w-tabs-sections titles-align_none icon_plus cpos_right\"><div class=\"w-tabs-section\" id=\"u79c\"><button class=\"w-tabs-section-header\" aria-controls=\"content-u79c\" aria-expanded=\"false\"><div class=\"w-tabs-section-title\">Informaci\u00f3n<\/div><div class=\"w-tabs-section-control\"><\/div><\/button><div  class=\"w-tabs-section-content\" id=\"content-u79c\"><div class=\"w-tabs-section-content-h i-cf\"><div class=\"wpb_text_column list-icon\"><div class=\"wpb_wrapper\"><ul>\n<li>Puerto deportivo: La Caleta de V\u00e9lez \/ Distancia: 20 Km.<\/li>\n<li>C\u00f3mo se llega: Con coche<\/li>\n<li>C\u00f3mo llegar por carretera: N-340<\/li>\n<li>Aparcamiento &#8211; parking: S\u00ed \/ No vigilado N\u00ba plazas 30<\/li>\n<li>Longitud: 100-500 metros<\/li>\n<li>Anchura media: 10-20 metros<\/li>\n<li>Grado de ocupaci\u00f3n: Medio\/Bajo<\/li>\n<li>Grado de urbanizaci\u00f3n: Aislada<\/li>\n<li>Tipo de playa: Arena<\/li>\n<li>Tipo de arena: Oscura<\/li>\n<li>Condiciones para el ba\u00f1o: Oleaje moderado<\/li>\n<li>Zona protegida: No<\/li>\n<li>Policia local: No<\/li>\n<li>Cruz roja: No<\/li>\n<\/ul>\n<\/div><\/div><\/div><\/div><\/div><\/div><\/div><\/div><\/div><\/div><\/div><\/div><\/section><section class=\"l-section wpb_row us_custom_df019a38 prices height_large\"><div class=\"l-section-overlay\" style=\"background:rgba(255,111,89,0.20)\"><\/div><div class=\"l-section-h i-cf\"><div class=\"g-cols vc_row via_flex valign_top type_default stacking_default\"><div class=\"vc_col-sm-6 wpb_column vc_column_container\"><div class=\"vc_column-inner\"><div class=\"wpb_wrapper\">[vc_custom_heading text=&#8221;Playa Wilches&#8221; use_theme_fonts=&#8221;yes&#8221;]<div class=\"w-image us_custom_7c1b4fa3 has_ratio align_none\"><div class=\"w-image-h\"><div style=\"padding-bottom:42.8571%\"><\/div><img decoding=\"async\" width=\"1200\" height=\"675\" src=\"https:\/\/www.campingelpino.com\/wp-content\/uploads\/2023\/06\/playa7.jpg\" class=\"attachment-full size-full\" alt=\"\" loading=\"lazy\" \/><\/div><\/div><div class=\"wpb_text_column list-icon\"><div class=\"wpb_wrapper\"><p>Playa muy peque\u00f1a y aislada pero muy bonita, junto a la carretera N-340 en el limite con Nerja.<\/p>\n<\/div><\/div><div class=\"w-tabs style_default switch_click accordion type_togglable has_scrolling\" style=\"--sections-title-size:inherit\"><div class=\"w-tabs-sections titles-align_none icon_plus cpos_right\"><div class=\"w-tabs-section\" id=\"jfac\"><button class=\"w-tabs-section-header\" aria-controls=\"content-jfac\" aria-expanded=\"false\"><div class=\"w-tabs-section-title\">Informaci\u00f3n<\/div><div class=\"w-tabs-section-control\"><\/div><\/button><div  class=\"w-tabs-section-content\" id=\"content-jfac\"><div class=\"w-tabs-section-content-h i-cf\"><div class=\"wpb_text_column list-icon\"><div class=\"wpb_wrapper\"><ul>\n<li>Puerto deportivo: La Caleta de V\u00e9lez \/ Distancia: 22 Km.<\/li>\n<li>C\u00f3mo se llega: Con coche<\/li>\n<li>C\u00f3mo llegar por carretera: N-340<\/li>\n<li>Aparcamiento &#8211; parking: S\u00ed \/ No vigilado N\u00ba plazas 50-100<\/li>\n<li>Longitud: 200-300 metros<\/li>\n<li>Anchura media: 30 metros<\/li>\n<li>Grado de ocupaci\u00f3n: Medio<\/li>\n<li>Grado de urbanizaci\u00f3n: Aislada<\/li>\n<li>Tipo de playa: Arena<\/li>\n<li>Tipo de arena: Oscura<\/li>\n<li>Condiciones para el ba\u00f1o: Oleaje moderado<\/li>\n<li>Zona protegida: No<\/li>\n<li>Policia local: No<\/li>\n<li>Cruz roja: No<\/li>\n<\/ul>\n<\/div><\/div><\/div><\/div><\/div><\/div><\/div><\/div><\/div><\/div><div class=\"vc_col-sm-6 wpb_column vc_column_container\"><div class=\"vc_column-inner\"><div class=\"wpb_wrapper\">[vc_custom_heading text=&#8221;Playa Canina&#8221; use_theme_fonts=&#8221;yes&#8221;]<div class=\"w-image us_custom_7c1b4fa3 has_ratio align_none\"><a ref=\"magnificPopup\" href=\"https:\/\/www.campingelpino.com\/wp-content\/uploads\/2023\/06\/playacaninamapa.jpg\" aria-label=\"playacaninamapa\" class=\"w-image-h\"><div style=\"padding-bottom:42.8571%\"><\/div><img decoding=\"async\" width=\"1576\" height=\"1256\" src=\"https:\/\/www.campingelpino.com\/wp-content\/uploads\/2023\/06\/playacaninamapa.jpg\" class=\"attachment-full size-full\" alt=\"\" loading=\"lazy\" \/><\/a><\/div><div class=\"wpb_text_column list-icon\"><div class=\"wpb_wrapper\"><p>Playa localizada entre la playa Ferrara y la playa del Pe\u00f1oncillo.<\/p>\n<p>De las mas cercanas a el Camping, con buena profundidad de arena en casi toda su extensi\u00f3n, esta situada en la desembocadura del Rio Torrox.<\/p>\n<\/div><\/div><div class=\"w-tabs style_default switch_click accordion type_togglable has_scrolling\" style=\"--sections-title-size:inherit\"><div class=\"w-tabs-sections titles-align_none icon_plus cpos_right\"><div class=\"w-tabs-section\" id=\"q94a\"><button class=\"w-tabs-section-header\" aria-controls=\"content-q94a\" aria-expanded=\"false\"><div class=\"w-tabs-section-title\">Normas<\/div><div class=\"w-tabs-section-control\"><\/div><\/button><div  class=\"w-tabs-section-content\" id=\"content-q94a\"><div class=\"w-tabs-section-content-h i-cf\"><div class=\"w-image us_custom_7c1b4fa3 align_none\"><a ref=\"magnificPopup\" href=\"https:\/\/www.campingelpino.com\/wp-content\/uploads\/2023\/06\/playacaninanormas2.jpg\" aria-label=\"playacaninanormas2\" class=\"w-image-h\"><img decoding=\"async\" width=\"1200\" height=\"800\" src=\"https:\/\/www.campingelpino.com\/wp-content\/uploads\/2023\/06\/playacaninanormas2.jpg\" class=\"attachment-full size-full\" alt=\"\" loading=\"lazy\" \/><\/a><\/div><div class=\"wpb_text_column list-icon\"><div class=\"wpb_wrapper\"><ul>\n<li>Los perros solo podr\u00e1n estar en la zona delimitada como playa canina.<\/li>\n<li>El perro siempre tiene que estar siempre vigilado por sus due\u00f1os.<\/li>\n<li>El propietario est\u00e1 obligado a llevar la documentaci\u00f3n del perro consigo.<\/li>\n<li>Los perros potencialmente peligrosos y los de +20 kg deber\u00e1n llevar bozal.<\/li>\n<li>Los perros nerviosos deber\u00e1n llevar correa para evitar molestias.<\/li>\n<li>Es obligatorio recoger las deposiciones.<\/li>\n<li>Utilice las papeleras habilitadas para las deposiciones.<\/li>\n<li>Prohibido moragas y cocinar.<\/li>\n<li>Est\u00e1 prohibido hacer nudismo.<\/li>\n<li>En esta playa est\u00e1 prohibida la pesca.<\/li>\n<li>Esta playa canina est\u00e1 catalogada NO apta para el ba\u00f1o de personas (lo cual no quiere decir que este terminantemente prohibido).<\/li>\n<\/ul>\n<\/div><\/div><\/div><\/div><\/div><div class=\"w-tabs-section\" id=\"gc74\"><button class=\"w-tabs-section-header\" aria-controls=\"content-gc74\" aria-expanded=\"false\"><div class=\"w-tabs-section-title\">Informaci\u00f3n<\/div><div class=\"w-tabs-section-control\"><\/div><\/button><div  class=\"w-tabs-section-content\" id=\"content-gc74\"><div class=\"w-tabs-section-content-h i-cf\"><div class=\"wpb_text_column list-icon\"><div class=\"wpb_wrapper\"><ul>\n<li>Puerto deportivo: La Caleta de V\u00e9lez \/ Distancia: 17 Km.<\/li>\n<li>C\u00f3mo se llega: Con coche<\/li>\n<li>C\u00f3mo llegar por carretera: N-340<\/li>\n<li>L\u00ednea de autob\u00fas: Urbano<\/li>\n<li>Aparcamiento &#8211; parking: S\u00ed \/ No vigilado N\u00ba plazas 100-200<\/li>\n<li>Longitud: 300 metros<\/li>\n<li>Anchura media: 20 metros<\/li>\n<li>Grado de ocupaci\u00f3n: Medio<\/li>\n<li>Grado de urbanizaci\u00f3n: Aislada<\/li>\n<li>Tipo de playa: Arena<\/li>\n<li>Tipo de arena: Oscura<\/li>\n<li>Condiciones para el ba\u00f1o: Oleaje moderado<\/li>\n<li>Zona protegida: No<\/li>\n<li>Policia local: No<\/li>\n<li>Cruz roja: Si (95 253 00 13)<\/li>\n<\/ul>\n<\/div><\/div><\/div><\/div><\/div><\/div><\/div><\/div><\/div><\/div><\/div><\/div><\/section><section class=\"l-section wpb_row height_large\"><div class=\"l-section-h i-cf\"><div class=\"g-cols vc_row via_flex valign_top type_default stacking_default\"><div class=\"vc_col-sm-12 wpb_column vc_column_container\"><div class=\"vc_column-inner\"><div class=\"wpb_wrapper\">[vc_custom_heading text=&#8221;Para m\u00e1s informaci\u00f3n:&#8221; font_container=&#8221;tag:h3|text_align:center&#8221; use_theme_fonts=&#8221;yes&#8221; css=&#8221;%7B%22default%22%3A%7B%22margin-bottom%22%3A%223rem%22%7D%7D&#8221;]<div class=\"g-cols wpb_row us_custom_4f24afa8 via_flex valign_top type_default stacking_default\"><div class=\"vc_col-sm-6 wpb_column vc_column_container\"><div class=\"vc_column-inner\"><div class=\"wpb_wrapper\"><div class=\"wpb_text_column\"><div class=\"wpb_wrapper\"><p>Hay que comprender que la anchura y el tipo de arena de las playas de Torrox puede variar de un mes para otro, si se observa\u00a0 el municipio de Torrox en cualquier mapa se podr\u00e1 observar que se encuentra en un saliente, por lo que cualquier corriente de mar fuerte o un temporal mar\u00edtimo puede afectar tanto a\u00a0 la profundidad de la propia playa como a el banco de arena en que se hace pie dentro del agua.<\/p>\n<\/div><\/div><\/div><\/div><\/div><div class=\"vc_col-sm-6 wpb_column vc_column_container\"><div class=\"vc_column-inner\"><div class=\"wpb_wrapper\"><div class=\"wpb_text_column\"><div class=\"wpb_wrapper\"><p>Las playas que m\u00e1s se ven afectadas por esta situaci\u00f3n suelen ser la playa de Ferrara en su extremo este, Calaceite y Wilches, no obstante os invitamos y recomendamos visitar los 9 kil\u00f3metros de excelentes playas que tenemos en nuestro pueblo. Tambi\u00e9n os invitamos a descubrir las 2 peque\u00f1as playas escondidas de menos de 100 metros de longitud que no hemos publicado en esta secci\u00f3n de nuestra web.<\/p>\n<\/div><\/div><\/div><\/div><\/div><\/div><div class=\"wpb_text_column\"><div class=\"wpb_wrapper\"><p style=\"text-align: center;\">Tel\u00e9fono de contacto de Protecci\u00f3n Civil: 952 530 473.<\/p>\n<\/div><\/div><\/div><\/div><\/div><\/div><\/div><\/section>\n","protected":false},"excerpt":{"rendered":"[vc_custom_heading text=\"Playas cerca de nuestro camping\" font_container=\"tag:h1|text_align:left\" use_theme_fonts=\"yes\"][vc_custom_heading text=\"Playa Ferrara\" use_theme_fonts=\"yes\"]Playa muy extensa y bien equipada, con ambiente familiar. Una de las playas m\u00e1s concurridas de Torrox, ya que se ubica en la parte mas tur\u00edstica. Recomendamos ir a la altura entre Hotel Iberostar \u2013 Urbanizaci\u00f3n Laguna Beach, ya que es donde mas profundidad de...","protected":false},"author":1,"featured_media":1832,"parent":0,"menu_order":0,"comment_status":"closed","ping_status":"closed","template":"","meta":{"_acf_changed":false,"footnotes":""},"class_list":["post-2817","page","type-page","status-publish","has-post-thumbnail","hentry"],"acf":[],"yoast_head":"<!-- This site is optimized with the Yoast SEO plugin v27.4 - https:\/\/yoast.com\/product\/yoast-seo-wordpress\/ -->\n<title>Stranden | Camping el Pino<\/title>\n<meta name=\"robots\" content=\"index, follow, max-snippet:-1, max-image-preview:large, max-video-preview:-1\" \/>\n<link rel=\"canonical\" href=\"https:\/\/www.campingelpino.com\/nl\/stranden\/\" \/>\n<meta property=\"og:locale\" content=\"nl_NL\" \/>\n<meta property=\"og:type\" content=\"article\" \/>\n<meta property=\"og:title\" content=\"Stranden | Camping el Pino\" \/>\n<meta property=\"og:url\" content=\"https:\/\/www.campingelpino.com\/nl\/stranden\/\" \/>\n<meta property=\"og:site_name\" content=\"Camping el Pino\" \/>\n<meta property=\"article:modified_time\" content=\"2023-06-23T11:38:57+00:00\" \/>\n<meta property=\"og:image\" content=\"https:\/\/www.campingelpino.com\/wp-content\/uploads\/2023\/05\/bungalow1.jpg\" \/>\n\t<meta property=\"og:image:width\" content=\"1300\" \/>\n\t<meta property=\"og:image:height\" content=\"867\" \/>\n\t<meta property=\"og:image:type\" content=\"image\/jpeg\" \/>\n<meta name=\"twitter:card\" content=\"summary_large_image\" \/>\n<meta name=\"twitter:label1\" content=\"Geschatte leestijd\" \/>\n\t<meta name=\"twitter:data1\" content=\"7 minuten\" \/>\n<script type=\"application\/ld+json\" class=\"yoast-schema-graph\">{\"@context\":\"https:\\\/\\\/schema.org\",\"@graph\":[{\"@type\":\"WebPage\",\"@id\":\"https:\\\/\\\/www.campingelpino.com\\\/nl\\\/stranden\\\/\",\"url\":\"https:\\\/\\\/www.campingelpino.com\\\/nl\\\/stranden\\\/\",\"name\":\"Stranden | Camping el Pino\",\"isPartOf\":{\"@id\":\"https:\\\/\\\/www.campingelpino.com\\\/nl\\\/#website\"},\"primaryImageOfPage\":{\"@id\":\"https:\\\/\\\/www.campingelpino.com\\\/nl\\\/stranden\\\/#primaryimage\"},\"image\":{\"@id\":\"https:\\\/\\\/www.campingelpino.com\\\/nl\\\/stranden\\\/#primaryimage\"},\"thumbnailUrl\":\"https:\\\/\\\/www.campingelpino.com\\\/wp-content\\\/uploads\\\/2023\\\/06\\\/playa3.jpg\",\"datePublished\":\"2023-06-16T13:38:20+00:00\",\"dateModified\":\"2023-06-23T11:38:57+00:00\",\"breadcrumb\":{\"@id\":\"https:\\\/\\\/www.campingelpino.com\\\/nl\\\/stranden\\\/#breadcrumb\"},\"inLanguage\":\"nl-NL\",\"potentialAction\":[{\"@type\":\"ReadAction\",\"target\":[\"https:\\\/\\\/www.campingelpino.com\\\/nl\\\/stranden\\\/\"]}]},{\"@type\":\"ImageObject\",\"inLanguage\":\"nl-NL\",\"@id\":\"https:\\\/\\\/www.campingelpino.com\\\/nl\\\/stranden\\\/#primaryimage\",\"url\":\"https:\\\/\\\/www.campingelpino.com\\\/wp-content\\\/uploads\\\/2023\\\/06\\\/playa3.jpg\",\"contentUrl\":\"https:\\\/\\\/www.campingelpino.com\\\/wp-content\\\/uploads\\\/2023\\\/06\\\/playa3.jpg\",\"width\":1200,\"height\":675,\"caption\":\"camping playa\"},{\"@type\":\"BreadcrumbList\",\"@id\":\"https:\\\/\\\/www.campingelpino.com\\\/nl\\\/stranden\\\/#breadcrumb\",\"itemListElement\":[{\"@type\":\"ListItem\",\"position\":1,\"name\":\"Portada\",\"item\":\"https:\\\/\\\/www.campingelpino.com\\\/nl\\\/\"},{\"@type\":\"ListItem\",\"position\":2,\"name\":\"Stranden\"}]},{\"@type\":\"WebSite\",\"@id\":\"https:\\\/\\\/www.campingelpino.com\\\/nl\\\/#website\",\"url\":\"https:\\\/\\\/www.campingelpino.com\\\/nl\\\/\",\"name\":\"Camping el Pino\",\"description\":\"\",\"publisher\":{\"@id\":\"https:\\\/\\\/www.campingelpino.com\\\/nl\\\/#organization\"},\"potentialAction\":[{\"@type\":\"SearchAction\",\"target\":{\"@type\":\"EntryPoint\",\"urlTemplate\":\"https:\\\/\\\/www.campingelpino.com\\\/nl\\\/?s={search_term_string}\"},\"query-input\":{\"@type\":\"PropertyValueSpecification\",\"valueRequired\":true,\"valueName\":\"search_term_string\"}}],\"inLanguage\":\"nl-NL\"},{\"@type\":\"Organization\",\"@id\":\"https:\\\/\\\/www.campingelpino.com\\\/nl\\\/#organization\",\"name\":\"Camping el Pino\",\"url\":\"https:\\\/\\\/www.campingelpino.com\\\/nl\\\/\",\"logo\":{\"@type\":\"ImageObject\",\"inLanguage\":\"nl-NL\",\"@id\":\"https:\\\/\\\/www.campingelpino.com\\\/nl\\\/#\\\/schema\\\/logo\\\/image\\\/\",\"url\":\"https:\\\/\\\/www.campingelpino.com\\\/wp-content\\\/uploads\\\/2023\\\/05\\\/logo-campingelpino-complete.png\",\"contentUrl\":\"https:\\\/\\\/www.campingelpino.com\\\/wp-content\\\/uploads\\\/2023\\\/05\\\/logo-campingelpino-complete.png\",\"width\":269,\"height\":150,\"caption\":\"Camping el Pino\"},\"image\":{\"@id\":\"https:\\\/\\\/www.campingelpino.com\\\/nl\\\/#\\\/schema\\\/logo\\\/image\\\/\"}}]}<\/script>\n<!-- \/ Yoast SEO plugin. -->","yoast_head_json":{"title":"Stranden | Camping el Pino","robots":{"index":"index","follow":"follow","max-snippet":"max-snippet:-1","max-image-preview":"max-image-preview:large","max-video-preview":"max-video-preview:-1"},"canonical":"https:\/\/www.campingelpino.com\/nl\/stranden\/","og_locale":"nl_NL","og_type":"article","og_title":"Stranden | Camping el Pino","og_url":"https:\/\/www.campingelpino.com\/nl\/stranden\/","og_site_name":"Camping el Pino","article_modified_time":"2023-06-23T11:38:57+00:00","og_image":[{"width":1300,"height":867,"url":"https:\/\/www.campingelpino.com\/wp-content\/uploads\/2023\/05\/bungalow1.jpg","type":"image\/jpeg"}],"twitter_card":"summary_large_image","twitter_misc":{"Geschatte leestijd":"7 minuten"},"schema":{"@context":"https:\/\/schema.org","@graph":[{"@type":"WebPage","@id":"https:\/\/www.campingelpino.com\/nl\/stranden\/","url":"https:\/\/www.campingelpino.com\/nl\/stranden\/","name":"Stranden | Camping el Pino","isPartOf":{"@id":"https:\/\/www.campingelpino.com\/nl\/#website"},"primaryImageOfPage":{"@id":"https:\/\/www.campingelpino.com\/nl\/stranden\/#primaryimage"},"image":{"@id":"https:\/\/www.campingelpino.com\/nl\/stranden\/#primaryimage"},"thumbnailUrl":"https:\/\/www.campingelpino.com\/wp-content\/uploads\/2023\/06\/playa3.jpg","datePublished":"2023-06-16T13:38:20+00:00","dateModified":"2023-06-23T11:38:57+00:00","breadcrumb":{"@id":"https:\/\/www.campingelpino.com\/nl\/stranden\/#breadcrumb"},"inLanguage":"nl-NL","potentialAction":[{"@type":"ReadAction","target":["https:\/\/www.campingelpino.com\/nl\/stranden\/"]}]},{"@type":"ImageObject","inLanguage":"nl-NL","@id":"https:\/\/www.campingelpino.com\/nl\/stranden\/#primaryimage","url":"https:\/\/www.campingelpino.com\/wp-content\/uploads\/2023\/06\/playa3.jpg","contentUrl":"https:\/\/www.campingelpino.com\/wp-content\/uploads\/2023\/06\/playa3.jpg","width":1200,"height":675,"caption":"camping playa"},{"@type":"BreadcrumbList","@id":"https:\/\/www.campingelpino.com\/nl\/stranden\/#breadcrumb","itemListElement":[{"@type":"ListItem","position":1,"name":"Portada","item":"https:\/\/www.campingelpino.com\/nl\/"},{"@type":"ListItem","position":2,"name":"Stranden"}]},{"@type":"WebSite","@id":"https:\/\/www.campingelpino.com\/nl\/#website","url":"https:\/\/www.campingelpino.com\/nl\/","name":"Camping el Pino","description":"","publisher":{"@id":"https:\/\/www.campingelpino.com\/nl\/#organization"},"potentialAction":[{"@type":"SearchAction","target":{"@type":"EntryPoint","urlTemplate":"https:\/\/www.campingelpino.com\/nl\/?s={search_term_string}"},"query-input":{"@type":"PropertyValueSpecification","valueRequired":true,"valueName":"search_term_string"}}],"inLanguage":"nl-NL"},{"@type":"Organization","@id":"https:\/\/www.campingelpino.com\/nl\/#organization","name":"Camping el Pino","url":"https:\/\/www.campingelpino.com\/nl\/","logo":{"@type":"ImageObject","inLanguage":"nl-NL","@id":"https:\/\/www.campingelpino.com\/nl\/#\/schema\/logo\/image\/","url":"https:\/\/www.campingelpino.com\/wp-content\/uploads\/2023\/05\/logo-campingelpino-complete.png","contentUrl":"https:\/\/www.campingelpino.com\/wp-content\/uploads\/2023\/05\/logo-campingelpino-complete.png","width":269,"height":150,"caption":"Camping el Pino"},"image":{"@id":"https:\/\/www.campingelpino.com\/nl\/#\/schema\/logo\/image\/"}}]}},"_links":{"self":[{"href":"https:\/\/www.campingelpino.com\/nl\/wp-json\/wp\/v2\/pages\/2817","targetHints":{"allow":["GET"]}}],"collection":[{"href":"https:\/\/www.campingelpino.com\/nl\/wp-json\/wp\/v2\/pages"}],"about":[{"href":"https:\/\/www.campingelpino.com\/nl\/wp-json\/wp\/v2\/types\/page"}],"author":[{"embeddable":true,"href":"https:\/\/www.campingelpino.com\/nl\/wp-json\/wp\/v2\/users\/1"}],"replies":[{"embeddable":true,"href":"https:\/\/www.campingelpino.com\/nl\/wp-json\/wp\/v2\/comments?post=2817"}],"version-history":[{"count":2,"href":"https:\/\/www.campingelpino.com\/nl\/wp-json\/wp\/v2\/pages\/2817\/revisions"}],"predecessor-version":[{"id":2825,"href":"https:\/\/www.campingelpino.com\/nl\/wp-json\/wp\/v2\/pages\/2817\/revisions\/2825"}],"wp:featuredmedia":[{"embeddable":true,"href":"https:\/\/www.campingelpino.com\/nl\/wp-json\/wp\/v2\/media\/1832"}],"wp:attachment":[{"href":"https:\/\/www.campingelpino.com\/nl\/wp-json\/wp\/v2\/media?parent=2817"}],"curies":[{"name":"wp","href":"https:\/\/api.w.org\/{rel}","templated":true}]}}